{"id":162,"date":"2022-09-12T10:14:49","date_gmt":"2022-09-12T08:14:49","guid":{"rendered":"https:\/\/www.fotoartetaranto.it\/?page_id=162"},"modified":"2022-09-18T10:40:20","modified_gmt":"2022-09-18T08:40:20","slug":"mostre","status":"publish","type":"page","link":"https:\/\/www.fotoartetaranto.it\/index.php\/mostre\/","title":{"rendered":"Mostre"},"content":{"rendered":"\n<h2 class=\"wp-block-heading\">Ilaria Sagaria vincitrice Portfolio Italia 2021con il portfolio \u201cPiena di grazia\u201d<\/h2>\n\n\n\n<h5 class=\"wp-block-heading\">dal 24 Settembre al 30 Settembre presso la Galleria Comunale del Castello (orari di apertura 9.00 &#8211; 13.00 17.00 &#8211; 20.00)<\/h5>\n\n\n\n<figure class=\"wp-block-image size-large is-resized\"><img fetchpriority=\"high\" decoding=\"async\" src=\"https:\/\/www.fotoartetaranto.it\/wp-content\/uploads\/2022\/09\/Ilaria-Sagaria-Piena-di-grazia-03-1024x683.jpg\" alt=\"\" class=\"wp-image-163\" width=\"877\" height=\"585\" srcset=\"https:\/\/www.fotoartetaranto.it\/wp-content\/uploads\/2022\/09\/Ilaria-Sagaria-Piena-di-grazia-03-1024x683.jpg 1024w, https:\/\/www.fotoartetaranto.it\/wp-content\/uploads\/2022\/09\/Ilaria-Sagaria-Piena-di-grazia-03-300x200.jpg 300w, https:\/\/www.fotoartetaranto.it\/wp-content\/uploads\/2022\/09\/Ilaria-Sagaria-Piena-di-grazia-03-768x512.jpg 768w, https:\/\/www.fotoartetaranto.it\/wp-content\/uploads\/2022\/09\/Ilaria-Sagaria-Piena-di-grazia-03-930x620.jpg 930w, https:\/\/www.fotoartetaranto.it\/wp-content\/uploads\/2022\/09\/Ilaria-Sagaria-Piena-di-grazia-03.jpg 1080w\" sizes=\"(max-width: 877px) 100vw, 877px\" \/><\/figure>\n\n\n\n<p>\u201cQuello che colpisce nelle fotografie di Ilaria \u00e8 la loro\u00a0capacit\u00e0 di trasportarci in un tempo antico dove misticismo e spiritualit\u00e0 trovano forma nel corpo femminile\u00a0che accoglie o respinge, che talvolta si nasconde. Siamo in un tempo che potrebbe essere il nostro.\u00a0Siamo nel tempo del sogno, della realt\u00e0, dell\u2019arte e della fotografia. Siamo nel tempo di Ilaria che narra con la voce calma di Penelope, timorosa di Pandora, disperata di Antigone, appassionata di Circe, furiosa di Medea, e piena di grazia di Maria. Ora, semplicemente, tocca a noi ascoltarle\u201d.<\/p>\n\n\n\n<div style=\"height:100px\" aria-hidden=\"true\" class=\"wp-block-spacer\"><\/div>\n\n\n\n<h2 class=\"wp-block-heading\">Collettiva AFNI &#8211; &#8220;Di Pietra e di Luce&#8221;<\/h2>\n\n\n\n<h5 class=\"wp-block-heading\">dal 24 Settembre al 30 Settembre presso la Galleria Comunale del Castello (orari di apertura 9.00 &#8211; 13.00 17.00 &#8211; 20.00)<\/h5>\n\n\n\n<figure class=\"wp-block-image size-large is-resized\"><img decoding=\"async\" src=\"https:\/\/www.fotoartetaranto.it\/wp-content\/uploads\/2022\/09\/WhatsApp-Image-2022-09-12-at-09.59.51-1024x684.jpeg\" alt=\"\" class=\"wp-image-168\" width=\"830\" height=\"554\" srcset=\"https:\/\/www.fotoartetaranto.it\/wp-content\/uploads\/2022\/09\/WhatsApp-Image-2022-09-12-at-09.59.51-1024x684.jpeg 1024w, https:\/\/www.fotoartetaranto.it\/wp-content\/uploads\/2022\/09\/WhatsApp-Image-2022-09-12-at-09.59.51-300x200.jpeg 300w, https:\/\/www.fotoartetaranto.it\/wp-content\/uploads\/2022\/09\/WhatsApp-Image-2022-09-12-at-09.59.51-768x513.jpeg 768w, https:\/\/www.fotoartetaranto.it\/wp-content\/uploads\/2022\/09\/WhatsApp-Image-2022-09-12-at-09.59.51-1536x1025.jpeg 1536w, https:\/\/www.fotoartetaranto.it\/wp-content\/uploads\/2022\/09\/WhatsApp-Image-2022-09-12-at-09.59.51-930x620.jpeg 930w, https:\/\/www.fotoartetaranto.it\/wp-content\/uploads\/2022\/09\/WhatsApp-Image-2022-09-12-at-09.59.51.jpeg 1600w\" sizes=\"(max-width: 830px) 100vw, 830px\" \/><\/figure>\n\n\n\n<p>La natura in Puglia merita di essere esplorata e conosciuta perch\u00e9 custodisce tesori ambientali e paesaggistici di grande rilevo, intrecciati spesso a tanti siti di notevole interesse storico, archeologico e paleontologico. Scomparsi o ridotti a piccoli residui preziosi i grandi boschi, che hanno fatto nei secoli spazio agli immensi pascoli e alle esigenze di un\u2019economia rurale divoratrice di territorio, la Puglia del terzo millennio \u00e8 ancora una delle regioni a pi\u00f9 alto indice di biodiversit\u00e0 vegetale e animale.<br>Svelare la peculiarit\u00e0 della Puglia come territorio da conoscere e tutelare \u00e8 uno dei temi costanti nei progetti fotografici dei soci dell\u2019AFNI Puglia. Amanti di una dimensione locale di cui sanno cogliere il fascino e l\u2019interesse, impreziosiscono i loro soggetti naturalistici con le sobrie ricchezze che questa regione sa offrire a profusione a chi sa cercare: scatti di flora e di fauna, ma anche scatti di pietra e di luce.<\/p>\n\n\n\n<div style=\"height:100px\" aria-hidden=\"true\" class=\"wp-block-spacer\"><\/div>\n\n\n\n<h2 class=\"wp-block-heading\">Valentina Spagnulo &#8211; \u201cTaras\u201d Miglior Portfolio Under 30 al Festival di Fotografia Europea di Reggio Emilia\u00a0<\/h2>\n\n\n\n<h5 class=\"wp-block-heading\">dal 24 Settembre al 2 Ottobre presso il centro San Gaetano<\/h5>\n\n\n\n<p>Orari di apertura:<br>sabato 24\/9: dalle 10.00 alle 12.30 e dalle 16.00 alle 18.00<br>domenica 25\/9: dalle 10.00 alle 12.30<br>domenica 26\/9: CHIUSO<br>da marted\u00ec 27\/9 a venerd\u00ec 30\/9: dalle 18.00 alle 20.00<br>sabato 1\/10 e domenica 2\/10: dalle 10:00 alle 12:00 e dalle 18.00 alle 20.00<\/p>\n\n\n\n<figure class=\"wp-block-image size-large is-resized\"><img decoding=\"async\" src=\"https:\/\/www.fotoartetaranto.it\/wp-content\/uploads\/2022\/09\/taras-1024x683.jpg\" alt=\"\" class=\"wp-image-165\" width=\"858\" height=\"572\" srcset=\"https:\/\/www.fotoartetaranto.it\/wp-content\/uploads\/2022\/09\/taras-1024x683.jpg 1024w, https:\/\/www.fotoartetaranto.it\/wp-content\/uploads\/2022\/09\/taras-300x200.jpg 300w, https:\/\/www.fotoartetaranto.it\/wp-content\/uploads\/2022\/09\/taras-768x512.jpg 768w, https:\/\/www.fotoartetaranto.it\/wp-content\/uploads\/2022\/09\/taras-1536x1024.jpg 1536w, https:\/\/www.fotoartetaranto.it\/wp-content\/uploads\/2022\/09\/taras-2048x1366.jpg 2048w, https:\/\/www.fotoartetaranto.it\/wp-content\/uploads\/2022\/09\/taras-930x620.jpg 930w\" sizes=\"(max-width: 858px) 100vw, 858px\" \/><\/figure>\n\n\n\n<p>La grande industria alle porte di Taranto fu inaugurata nel 1965 e rappresentava il progresso. Il prezzo per questo \u201cprogresso\u201d, la citt\u00e0 lo ha pagato e lo sta pagando ancora oggi. La fotografia di Valentina Spagnulo \u00e8 artisticamente contaminata da altri media come audio, testi, video, ed \u00e8 corredata da supporti tattili inediti, per rendere la sua ricerca documentaristica e artistica un\u2019esperienza a 360\u00ba.<\/p>\n\n\n\n<div style=\"height:100px\" aria-hidden=\"true\" class=\"wp-block-spacer\"><\/div>\n\n\n\n<h2 class=\"wp-block-heading\">Collettiva \u201cSguardi diversi\u201d<\/h2>\n\n\n\n<h5 class=\"wp-block-heading\">dal 24 Settembre al 2 Ottobre presso il centro San Gaetano<\/h5>\n\n\n\n<p>Orari di apertura:<br>sabato 24\/9: dalle 10.00 alle 12.30 e dalle 16.00 alle 18.00<br>domenica 25\/9: dalle 10.00 alle 12.30<br>domenica 26\/9: CHIUSO<br>da marted\u00ec 27\/9 a venerd\u00ec 30\/9: dalle 18.00 alle 20.00<br>sabato 1\/10 e domenica 2\/10: dalle 10:00 alle 12:00 e dalle 18.00 alle 20.00<\/p>\n\n\n\n<figure class=\"wp-block-image size-large is-resized\"><img loading=\"lazy\" decoding=\"async\" src=\"https:\/\/www.fotoartetaranto.it\/wp-content\/uploads\/2022\/09\/Sguardi-diversi-1024x683.jpg\" alt=\"\" class=\"wp-image-175\" width=\"846\" height=\"564\" srcset=\"https:\/\/www.fotoartetaranto.it\/wp-content\/uploads\/2022\/09\/Sguardi-diversi-1024x683.jpg 1024w, https:\/\/www.fotoartetaranto.it\/wp-content\/uploads\/2022\/09\/Sguardi-diversi-300x200.jpg 300w, https:\/\/www.fotoartetaranto.it\/wp-content\/uploads\/2022\/09\/Sguardi-diversi-768x512.jpg 768w, https:\/\/www.fotoartetaranto.it\/wp-content\/uploads\/2022\/09\/Sguardi-diversi-1536x1024.jpg 1536w, https:\/\/www.fotoartetaranto.it\/wp-content\/uploads\/2022\/09\/Sguardi-diversi-2048x1365.jpg 2048w, https:\/\/www.fotoartetaranto.it\/wp-content\/uploads\/2022\/09\/Sguardi-diversi-930x620.jpg 930w\" sizes=\"(max-width: 846px) 100vw, 846px\" \/><\/figure>\n\n\n\n<p>Nel corso degli anni molti sono stati i fotografi ospiti di FotoArte. Molti di questi, affascinati dalla bellezza di questa citt\u00e0, sono andati in giro a fotografarla. Queste foto mostrano un punto di vista diverso di gente abituata a vedere e a raccontare. Le foto in mostra sono di: Giorgio Ciardo, Alessandro Cirillo, Giulio Di Meo, Carlo Garzia, Uliano Lucas, Alex Mezzenga, Franco Sortini, Giuseppe Tangorra.<\/p>\n\n\n\n<p>La foto \u00e8 di Franco Sortini.<\/p>\n\n\n\n<div style=\"height:100px\" aria-hidden=\"true\" class=\"wp-block-spacer\"><\/div>\n\n\n\n<h2 class=\"wp-block-heading\">Angelo Greco &#8211; 40\u00b029&#8217;N 17\u00b018&#8217;E<br>Obiettivo su Taranto. Coordinate e visioni prospettiche.\u00a0<\/h2>\n\n\n\n<h5 class=\"wp-block-heading\">dal 24 Settembre al 2 Ottobre presso il centro San Gaetano<\/h5>\n\n\n\n<p>Orari di apertura:<br>sabato 24\/9: dalle 10.00 alle 12.30 e dalle 16.00 alle 18.00<br>domenica 25\/9: dalle 10.00 alle 12.30<br>domenica 26\/9: CHIUSO<br>da marted\u00ec 27\/9 a venerd\u00ec 30\/9: dalle 18.00 alle 20.00<br>sabato 1\/10 e domenica 2\/10: dalle 10:00 alle 12:00 e dalle 18.00 alle 20.00<\/p>\n\n\n\n<figure class=\"wp-block-image size-large is-resized\"><img loading=\"lazy\" decoding=\"async\" src=\"https:\/\/www.fotoartetaranto.it\/wp-content\/uploads\/2022\/09\/Angelo_Greco_M008-1-1024x1024.jpg\" alt=\"\" class=\"wp-image-171\" width=\"795\" height=\"795\" srcset=\"https:\/\/www.fotoartetaranto.it\/wp-content\/uploads\/2022\/09\/Angelo_Greco_M008-1-1024x1024.jpg 1024w, https:\/\/www.fotoartetaranto.it\/wp-content\/uploads\/2022\/09\/Angelo_Greco_M008-1-300x300.jpg 300w, https:\/\/www.fotoartetaranto.it\/wp-content\/uploads\/2022\/09\/Angelo_Greco_M008-1-150x150.jpg 150w, https:\/\/www.fotoartetaranto.it\/wp-content\/uploads\/2022\/09\/Angelo_Greco_M008-1-768x768.jpg 768w, https:\/\/www.fotoartetaranto.it\/wp-content\/uploads\/2022\/09\/Angelo_Greco_M008-1-1536x1536.jpg 1536w, https:\/\/www.fotoartetaranto.it\/wp-content\/uploads\/2022\/09\/Angelo_Greco_M008-1-2048x2048.jpg 2048w\" sizes=\"(max-width: 795px) 100vw, 795px\" \/><\/figure>\n\n\n\n<p>40\u00b0 29&#8242; N 17\u00b0 18&#8242; E &#8211; sono le coordinate GPS di un punto nel mezzo del seno pi\u00f9 interno del Mar Piccolo, quello pi\u00f9 intimo di un mare che sembra un lago per la conformazione e per le acque piatte e calme. Un itinerario che fissa i passi necessari per raggiungere Taranto dall&#8217;entroterra, partendo dalle campagne. Percorre castelli e masserie, ulivi secolari e gravine, attraverso profumi di timo e rosmarino, raggiunge il mare. Da qui un viaggio in barca, tra miticoltori e citri, con la citt\u00e0 di Taranto all&#8217;orizzonte.&nbsp;<\/p>\n\n\n\n<div style=\"height:100px\" aria-hidden=\"true\" class=\"wp-block-spacer\"><\/div>\n\n\n\n<h2 class=\"wp-block-heading\">Collettiva Soci CF Il Castello \u201cTaranto &#8211; I Quartieri\u201d<\/h2>\n\n\n\n<h5 class=\"wp-block-heading\">dal 24 Settembre al 2 Ottobre presso il centro San Gaetano<\/h5>\n\n\n\n<p>Orari di apertura:<br>sabato 24\/9: dalle 10.00 alle 12.30 e dalle 16.00 alle 18.00<br>domenica 25\/9: dalle 10.00 alle 12.30<br>domenica 26\/9: CHIUSO<br>da marted\u00ec 27\/9 a venerd\u00ec 30\/9: dalle 18.00 alle 20.00<br>sabato 1\/10 e domenica 2\/10: dalle 10:00 alle 12:00 e dalle 18.00 alle 20.00<\/p>\n\n\n\n<figure class=\"wp-block-image size-large is-resized\"><img loading=\"lazy\" decoding=\"async\" src=\"https:\/\/www.fotoartetaranto.it\/wp-content\/uploads\/2022\/09\/mostra-soci-683x1024.jpg\" alt=\"\" class=\"wp-image-172\" width=\"564\" height=\"845\" srcset=\"https:\/\/www.fotoartetaranto.it\/wp-content\/uploads\/2022\/09\/mostra-soci-683x1024.jpg 683w, https:\/\/www.fotoartetaranto.it\/wp-content\/uploads\/2022\/09\/mostra-soci-200x300.jpg 200w, https:\/\/www.fotoartetaranto.it\/wp-content\/uploads\/2022\/09\/mostra-soci-768x1152.jpg 768w, https:\/\/www.fotoartetaranto.it\/wp-content\/uploads\/2022\/09\/mostra-soci-1024x1536.jpg 1024w, https:\/\/www.fotoartetaranto.it\/wp-content\/uploads\/2022\/09\/mostra-soci-1365x2048.jpg 1365w, https:\/\/www.fotoartetaranto.it\/wp-content\/uploads\/2022\/09\/mostra-soci-scaled.jpg 1706w\" sizes=\"(max-width: 564px) 100vw, 564px\" \/><\/figure>\n\n\n\n<div class=\"wp-block-group\"><div class=\"wp-block-group__inner-container is-layout-flow wp-block-group-is-layout-flow\">\n<div class=\"wp-block-group\"><div class=\"wp-block-group__inner-container is-layout-flow wp-block-group-is-layout-flow\">\n<p>Il circolo fotografico Il Castello \u00e8 nato nel 1992, e quindi quest\u2019anno compie trent\u2019anni.\u00a0<br>Nel suo DNA ha sempre avuto una particolare propensione a raccontare i luoghi dove risiede.<br>Questa attitudine l\u2019hanno voluta confermare in questo progetto che prevede di raccontare la citt\u00e0 attraverso i suoi quartieri.<br>Quartieri come ambiente, paesaggio e territorio. Al progetto che copre tutti i quartieri della citt\u00e0 hanno partecipato:<br>Alessandra Angeletti &#8211; Ezio Bruno &#8211; Francesco Cacciuttolo &#8211; Paolo De Mandato &#8211; Enzo Ferrari &#8211; Valentina Funetta &#8211; Fabio Guarini\u00a0 &#8211; Letizia Lo Prete &#8211; Doriana Lo Scialpo &#8211; Pierluca Lubello &#8211; Antonio Monaco &#8211; Raimondo Musolino &#8211; Bonaventura Novellino &#8211; Arsida Paraspuari &#8211; Lillo Palumbo &#8211; Tommaso Petrosino &#8211; Tiziana Ruggiero &#8211; Nicoletta Spinelli &#8211; Paola Valentini &#8211; Viviana Zito.<br>La foto della mostra soci \u00e8 di Ezio Bruno.<\/p>\n<\/div><\/div>\n<\/div><\/div>\n","protected":false},"excerpt":{"rendered":"<p>Ilaria Sagaria vincitrice Portfolio Italia 2021con il portfolio \u201cPiena di grazia\u201d dal 24 Settembre al 30 Settembre presso la Galleria Comunale del Castello (orari di apertura 9.00 &#8211; 13.00 17.00 &#8211; 20.00) \u201cQuello che colpisce nelle fotografie di Ilaria \u00e8 la loro\u00a0capacit\u00e0 di trasportarci in un tempo antico dove misticismo e spiritualit\u00e0 trovano forma nel&hellip;&nbsp;<a href=\"https:\/\/www.fotoartetaranto.it\/index.php\/mostre\/\" class=\"\" rel=\"bookmark\">Leggi tutto &raquo;<span class=\"screen-reader-text\">Mostre<\/span><\/a><\/p>\n","protected":false},"author":1,"featured_media":0,"parent":0,"menu_order":0,"comment_status":"closed","ping_status":"closed","template":"","meta":{"neve_meta_sidebar":"","neve_meta_container":"","neve_meta_enable_content_width":"","neve_meta_content_width":0,"neve_meta_title_alignment":"","neve_meta_author_avatar":"","neve_post_elements_order":"","neve_meta_disable_header":"","neve_meta_disable_footer":"","neve_meta_disable_title":"","footnotes":""},"class_list":["post-162","page","type-page","status-publish","hentry"],"_links":{"self":[{"href":"https:\/\/www.fotoartetaranto.it\/index.php\/wp-json\/wp\/v2\/pages\/162","targetHints":{"allow":["GET"]}}],"collection":[{"href":"https:\/\/www.fotoartetaranto.it\/index.php\/wp-json\/wp\/v2\/pages"}],"about":[{"href":"https:\/\/www.fotoartetaranto.it\/index.php\/wp-json\/wp\/v2\/types\/page"}],"author":[{"embeddable":true,"href":"https:\/\/www.fotoartetaranto.it\/index.php\/wp-json\/wp\/v2\/users\/1"}],"replies":[{"embeddable":true,"href":"https:\/\/www.fotoartetaranto.it\/index.php\/wp-json\/wp\/v2\/comments?post=162"}],"version-history":[{"count":10,"href":"https:\/\/www.fotoartetaranto.it\/index.php\/wp-json\/wp\/v2\/pages\/162\/revisions"}],"predecessor-version":[{"id":277,"href":"https:\/\/www.fotoartetaranto.it\/index.php\/wp-json\/wp\/v2\/pages\/162\/revisions\/277"}],"wp:attachment":[{"href":"https:\/\/www.fotoartetaranto.it\/index.php\/wp-json\/wp\/v2\/media?parent=162"}],"curies":[{"name":"wp","href":"https:\/\/api.w.org\/{rel}","templated":true}]}}